{"id":2440,"date":"2023-08-30T13:13:07","date_gmt":"2023-08-30T13:13:07","guid":{"rendered":"https:\/\/rosemariepoiarkov.net\/?page_id=2440"},"modified":"2026-01-07T13:36:41","modified_gmt":"2026-01-07T13:36:41","slug":"wer-wenn-nicht-wir-erzaehlung","status":"publish","type":"page","link":"https:\/\/rosemariepoiarkov.net\/index.php\/wer-wenn-nicht-wir-erzaehlung\/","title":{"rendered":"Wer, wenn nicht wir? Erz\u00e4hlung"},"content":{"rendered":"\t\t<div data-elementor-type=\"wp-page\" data-elementor-id=\"2440\" class=\"elementor elementor-2440\">\n\t\t\t\t\t\t<section class=\"elementor-section elementor-top-section elementor-element elementor-element-2ff993e4 elementor-section-content-top elementor-section-boxed elementor-section-height-default elementor-section-height-default\" data-id=\"2ff993e4\" data-element_type=\"section\" data-e-type=\"section\" data-settings=\"{&quot;background_background&quot;:&quot;classic&quot;}\">\n\t\t\t\t\t\t\t<div class=\"elementor-background-overlay\"><\/div>\n\t\t\t\t\t\t\t<div class=\"elementor-container elementor-column-gap-narrow\">\n\t\t\t\t\t<div class=\"elementor-column elementor-col-33 elementor-top-column elementor-element elementor-element-4468cf35\" data-id=\"4468cf35\" data-element_type=\"column\" data-e-type=\"column\">\n\t\t\t<div class=\"elementor-widget-wrap elementor-element-populated\">\n\t\t\t\t\t\t<div class=\"elementor-element elementor-element-541fd96 elementor-widget__width-initial elementor-widget-tablet__width-initial elementor-widget elementor-widget-heading\" data-id=\"541fd96\" data-element_type=\"widget\" data-e-type=\"widget\" data-widget_type=\"heading.default\">\n\t\t\t\t<div class=\"elementor-widget-container\">\n\t\t\t\t\t<h1 class=\"elementor-heading-title elementor-size-default\">Wer, <br>wenn nicht wir?<\/h1>\t\t\t\t<\/div>\n\t\t\t\t<\/div>\n\t\t\t\t<div class=\"elementor-element elementor-element-3e6718c1 elementor-widget__width-initial elementor-widget elementor-widget-text-editor\" data-id=\"3e6718c1\" data-element_type=\"widget\" data-e-type=\"widget\" data-widget_type=\"text-editor.default\">\n\t\t\t\t<div class=\"elementor-widget-container\">\n\t\t\t\t\t\t\t\t\t<div style=\"text-align: center;\"><p>Erz\u00e4hlung<\/p><p><a href=\"https:\/\/www.czernin-verlag.com\/buch\/wer-wenn-nicht-wir\">Czernin Verlag 2007<\/a><\/p><\/div><div style=\"text-align: center;\">128 Seiten, Hardcover SU, <small>12,5 x 19 cm<\/small><\/div><div style=\"text-align: center;\"><small>ISBN: 978-3-7076-0240-1<\/small><\/div><div style=\"text-align: center;\">\u20ac 19,80<\/div><div>\u00a0<\/div><p style=\"text-align: left;\"><em>Weil Weihnachten ist und ihre Mutter sie gebeten hat, ihre kranke Gro\u00dfmutter zu besuchen, f\u00e4hrt Anna dieses Jahr schon einen Tag fr\u00fcher nachhause in die Kleinstadt ihrer Kindheit. Die Gro\u00dfmutter besitzt eine Eigentumswohnung, an die Anna bis zu diesem Zeitpunkt, als der Tod der Gro\u00dfmutter wahrscheinlich wird, nicht gedacht hat\u0085 &#8230;<\/em><\/p><div>\u00a0<\/div><div>\u00a0<\/div>\t\t\t\t\t\t\t\t<\/div>\n\t\t\t\t<\/div>\n\t\t\t\t<section class=\"elementor-section elementor-inner-section elementor-element elementor-element-d9219e2 elementor-section-full_width elementor-section-height-default elementor-section-height-default\" data-id=\"d9219e2\" data-element_type=\"section\" data-e-type=\"section\">\n\t\t\t\t\t\t<div class=\"elementor-container elementor-column-gap-narrow\">\n\t\t\t\t\t<div class=\"elementor-column elementor-col-50 elementor-inner-column elementor-element elementor-element-c1dae70\" data-id=\"c1dae70\" data-element_type=\"column\" data-e-type=\"column\">\n\t\t\t<div class=\"elementor-widget-wrap elementor-element-populated\">\n\t\t\t\t\t\t<div class=\"elementor-element elementor-element-f929759 elementor-widget-tablet__width-initial elementor-widget elementor-widget-text-editor\" data-id=\"f929759\" data-element_type=\"widget\" data-e-type=\"widget\" data-widget_type=\"text-editor.default\">\n\t\t\t\t<div class=\"elementor-widget-container\">\n\t\t\t\t\t\t\t\t\t<p><span style=\"font-family: trebuchet ms, geneva, sans-serif;\">Vor den Fenstern war so gut wie nichts mehr zu erkennen. Ich hatte Boris nicht gesagt, wann ich ankommen w\u00fcrde, war mir den ganzen Tag \u00fcber nicht sicher gewesen, welchen Zug ich nehmen w\u00fcrde, so bestand keine Gefahr und auch keine Aussicht darauf, dass er am Bahnhof stand und auf mich wartete. Ich h\u00e4tte gerne etwas auf das neblige Glas gezeichnet, aber die modernen Fenster beschlugen nicht. Etwa den Querriss von Omas ehemaliger Wohnung mit Matratze und Blument\u00f6pfen. Und darunter DID YOU KNOW? Und ein Strichgesicht, dessen grinsender Mund sich von einem Ohr zum anderen zog. In der Zeit, die der Zug nach Wien brauchte, konnte ich mit dem Flugzeug nach Berlin, Paris oder London fliegen, die Anreise zum Flughafen nicht eingerechnet. Die Landschaft verbarg sich hinter dem Schneetreiben, mitten in den Wolken gab es keinen Zwischenstopp bis Wien Meidling. <\/span><\/p><p><span style=\"font-family: trebuchet ms, geneva, sans-serif;\">(&#8230;)<\/span><\/p><p><span style=\"font-family: trebuchet ms, geneva, sans-serif;\">\u00a0<\/span><\/p>\t\t\t\t\t\t\t\t<\/div>\n\t\t\t\t<\/div>\n\t\t\t\t\t<\/div>\n\t\t<\/div>\n\t\t\t\t<div class=\"elementor-column elementor-col-50 elementor-inner-column elementor-element elementor-element-0c5f4ce\" data-id=\"0c5f4ce\" data-element_type=\"column\" data-e-type=\"column\">\n\t\t\t<div class=\"elementor-widget-wrap elementor-element-populated\">\n\t\t\t\t\t\t<div class=\"elementor-element elementor-element-003d20b elementor-widget__width-initial elementor-widget elementor-widget-text-editor\" data-id=\"003d20b\" data-element_type=\"widget\" data-e-type=\"widget\" data-widget_type=\"text-editor.default\">\n\t\t\t\t<div class=\"elementor-widget-container\">\n\t\t\t\t\t\t\t\t\t<p style=\"text-align: left;\" align=\"JUSTIFY\"><span style=\"font-family: trebuchet ms, geneva, sans-serif;\">Der Zug ruckelte wieder los.<\/span><\/p><p style=\"text-align: left;\" align=\"JUSTIFY\"><span style=\"font-family: trebuchet ms, geneva, sans-serif;\">&#8211; Fuck Austria.<\/span><\/p><p style=\"text-align: left;\" align=\"JUSTIFY\"><span style=\"font-family: trebuchet ms, geneva, sans-serif;\">Die Anzahl der Gleise nahm zu,<\/span><\/p><p style=\"text-align: left;\" align=\"JUSTIFY\"><span style=\"font-family: trebuchet ms, geneva, sans-serif;\">&#8211; Fuck Vienna<\/span><\/p><p style=\"text-align: left;\" align=\"JUSTIFY\"><span style=\"font-family: trebuchet ms, geneva, sans-serif;\">abgestellte Z\u00fcge, abgetakelte Fabriken oder Bahnhofsgeb\u00e4ude,<\/span><\/p><p style=\"text-align: left;\" align=\"JUSTIFY\"><span lang=\"en-GB\" style=\"font-family: trebuchet ms, geneva, sans-serif;\">&#8211; I\u2019m of a rich family <\/span><\/p><p style=\"text-align: left;\" align=\"JUSTIFY\"><span style=\"font-family: trebuchet ms, geneva, sans-serif;\">die erst vor kurzem gebauten Wohnh\u00e4user wirkten in ihrer gewollten Modernit\u00e4t l\u00e4cherlich und unpassend.<\/span><\/p><p style=\"text-align: left;\" align=\"JUSTIFY\"><span lang=\"en-GB\" style=\"font-family: trebuchet ms, geneva, sans-serif;\">&#8211; I\u2019m Jesus, I\u2019m of a rich family <\/span><\/p><p style=\"text-align: left;\" align=\"JUSTIFY\"><span style=\"font-family: trebuchet ms, geneva, sans-serif;\">Obwohl wir uns dem Zentrum n\u00e4herten, drosselte der Zug die Geschwindigkeit, so als m\u00fcsse er sich der Umgebung erst versichern.<\/span><\/p><p style=\"text-align: left;\" align=\"JUSTIFY\"><span style=\"font-family: trebuchet ms, geneva, sans-serif;\">&#8211; I will change everything.<\/span><\/p><p style=\"text-align: left;\" align=\"JUSTIFY\"><span style=\"font-family: trebuchet ms, geneva, sans-serif;\">Ich dachte, ein Rapper, aber warum muss er blo\u00df so laut mitsingen? Ich dachte, ein Verr\u00fcckter. Aber als ich aufstand, sah ich einen jungen, zarten Schwarzen, keine 20, im hellrosa Kapuzensweater und Jeans, der meinen Blick, falls ich mich nicht \u00fcberhaupt t\u00e4uschte, nur kurz erwiderte.<\/span><\/p><p style=\"text-align: left;\" align=\"JUSTIFY\">\u00a0<\/p>\t\t\t\t\t\t\t\t<\/div>\n\t\t\t\t<\/div>\n\t\t\t\t\t<\/div>\n\t\t<\/div>\n\t\t\t\t\t<\/div>\n\t\t<\/section>\n\t\t\t\t\t<\/div>\n\t\t<\/div>\n\t\t\t\t<div class=\"elementor-column elementor-col-66 elementor-top-column elementor-element elementor-element-7e060bab\" data-id=\"7e060bab\" data-element_type=\"column\" data-e-type=\"column\">\n\t\t\t<div class=\"elementor-widget-wrap elementor-element-populated\">\n\t\t\t\t\t\t<div class=\"elementor-element elementor-element-3b6bf76c elementor-widget elementor-widget-image\" data-id=\"3b6bf76c\" data-element_type=\"widget\" data-e-type=\"widget\" data-widget_type=\"image.default\">\n\t\t\t\t<div class=\"elementor-widget-container\">\n\t\t\t\t\t\t\t\t\t\t\t\t\t\t\t<img fetchpriority=\"high\" decoding=\"async\" width=\"336\" height=\"534\" src=\"https:\/\/rosemariepoiarkov.net\/wp-content\/uploads\/2023\/08\/Cover-Wer-wenn-nicht-wir.jpg\" class=\"attachment-full size-full wp-image-2082\" alt=\"Rosemarie Poiarkov &quot;Wer wenn nicht wir?&quot;, Erz\u00e4hlung, Cover: Auf dunkellilafarbenen Hintergrund fliegt eine Schildkr\u00f6te mit weit ausgebreiteten Armen \u00fcber leicht hellgelben Text\" srcset=\"https:\/\/rosemariepoiarkov.net\/wp-content\/uploads\/2023\/08\/Cover-Wer-wenn-nicht-wir.jpg 336w, https:\/\/rosemariepoiarkov.net\/wp-content\/uploads\/2023\/08\/Cover-Wer-wenn-nicht-wir-189x300.jpg 189w\" sizes=\"(max-width: 336px) 100vw, 336px\" \/>\t\t\t\t\t\t\t\t\t\t\t\t\t\t\t<\/div>\n\t\t\t\t<\/div>\n\t\t\t\t<div class=\"elementor-element elementor-element-10a0c648 elementor-widget elementor-widget-text-editor\" data-id=\"10a0c648\" data-element_type=\"widget\" data-e-type=\"widget\" data-widget_type=\"text-editor.default\">\n\t\t\t\t<div class=\"elementor-widget-container\">\n\t\t\t\t\t\t\t\t\t<div>\u00a0<\/div><div>\u00a0<\/div><div>\u00a0<\/div><div>\u00a0<\/div>\t\t\t\t\t\t\t\t<\/div>\n\t\t\t\t<\/div>\n\t\t\t\t<div class=\"elementor-element elementor-element-a5e15d3 elementor-widget elementor-widget-heading\" data-id=\"a5e15d3\" data-element_type=\"widget\" data-e-type=\"widget\" data-widget_type=\"heading.default\">\n\t\t\t\t<div class=\"elementor-widget-container\">\n\t\t\t\t\t<h2 class=\"elementor-heading-title elementor-size-default\">Ausschnitte in \u00dcbersetzungen<\/h2>\t\t\t\t<\/div>\n\t\t\t\t<\/div>\n\t\t\t\t<section class=\"elementor-section elementor-inner-section elementor-element elementor-element-f217ab9 elementor-section-boxed elementor-section-height-default elementor-section-height-default\" data-id=\"f217ab9\" data-element_type=\"section\" data-e-type=\"section\">\n\t\t\t\t\t\t<div class=\"elementor-container elementor-column-gap-default\">\n\t\t\t\t\t<div class=\"elementor-column elementor-col-50 elementor-inner-column elementor-element elementor-element-69f9521\" data-id=\"69f9521\" data-element_type=\"column\" data-e-type=\"column\">\n\t\t\t<div class=\"elementor-widget-wrap elementor-element-populated\">\n\t\t\t\t\t\t<div class=\"elementor-element elementor-element-e86e44d elementor-widget elementor-widget-image\" data-id=\"e86e44d\" data-element_type=\"widget\" data-e-type=\"widget\" data-widget_type=\"image.default\">\n\t\t\t\t<div class=\"elementor-widget-container\">\n\t\t\t\t\t\t\t\t\t\t\t\t\t\t\t\t<a href=\"https:\/\/rosemariepoiarkov.net\/wp-content\/uploads\/2023\/08\/poiarkov-belles-etrangeres-2008.jpg\" data-elementor-open-lightbox=\"yes\" data-elementor-lightbox-title=\"Anthologie zu &quot;Les belles \u00e9tranger\u00e8res&quot;, Actes Sud 2008\" data-e-action-hash=\"#elementor-action%3Aaction%3Dlightbox%26settings%3DeyJpZCI6MjUwMSwidXJsIjoiaHR0cHM6XC9cL3Jvc2VtYXJpZXBvaWFya292Lm5ldFwvd3AtY29udGVudFwvdXBsb2Fkc1wvMjAyM1wvMDhcL3BvaWFya292LWJlbGxlcy1ldHJhbmdlcmVzLTIwMDguanBnIn0%3D\">\n\t\t\t\t\t\t\t<img decoding=\"async\" width=\"691\" height=\"1024\" src=\"https:\/\/rosemariepoiarkov.net\/wp-content\/uploads\/2023\/08\/poiarkov-belles-etrangeres-2008.jpg\" class=\"attachment-large size-large wp-image-2501\" alt=\"Cover der Anthologie &quot;Les belles \u00e9tranger\u00e8res&quot;, Actes Sud 2008: eine gr\u00fcne Wiese, unten mittig in einem Kreis der Ausschnitt eiens Himmels mit wei\u00dfen Wolken (Poiarkov: &quot;Qui, \u00e0 part nous?&quot; (Extrait), &quot;Wer, wenn nicht wir?&quot;, \u00fcbersetzt von Bernard Banoun)\" \/>\t\t\t\t\t\t\t\t<\/a>\n\t\t\t\t\t\t\t\t\t\t\t\t\t\t\t<\/div>\n\t\t\t\t<\/div>\n\t\t\t\t\t<\/div>\n\t\t<\/div>\n\t\t\t\t<div class=\"elementor-column elementor-col-50 elementor-inner-column elementor-element elementor-element-f019e97\" data-id=\"f019e97\" data-element_type=\"column\" data-e-type=\"column\">\n\t\t\t<div class=\"elementor-widget-wrap elementor-element-populated\">\n\t\t\t\t\t\t<div class=\"elementor-element elementor-element-5e6619c elementor-widget elementor-widget-image\" data-id=\"5e6619c\" data-element_type=\"widget\" data-e-type=\"widget\" data-widget_type=\"image.default\">\n\t\t\t\t<div class=\"elementor-widget-container\">\n\t\t\t\t\t\t\t\t\t\t\t\t\t\t\t\t<a href=\"https:\/\/rosemariepoiarkov.net\/wp-content\/uploads\/2023\/08\/Guebwiller-Lesereise-Frankreich-1.jpg\" data-elementor-open-lightbox=\"yes\" data-elementor-lightbox-title=\"mit Josef Winkler auf Lesereise durch Frankreich, hier in Guebwiller\" data-e-action-hash=\"#elementor-action%3Aaction%3Dlightbox%26settings%3DeyJpZCI6MjU0MiwidXJsIjoiaHR0cHM6XC9cL3Jvc2VtYXJpZXBvaWFya292Lm5ldFwvd3AtY29udGVudFwvdXBsb2Fkc1wvMjAyM1wvMDhcL0d1ZWJ3aWxsZXItTGVzZXJlaXNlLUZyYW5rcmVpY2gtMS5qcGcifQ%3D%3D\">\n\t\t\t\t\t\t\t<img decoding=\"async\" width=\"301\" height=\"220\" src=\"https:\/\/rosemariepoiarkov.net\/wp-content\/uploads\/2023\/08\/Guebwiller-Lesereise-Frankreich-1.jpg\" class=\"attachment-large size-large wp-image-2542\" alt=\"Rosemarie Poiarkov und Josef Winkler sitzen nebeneinander, Guebwiller\" \/>\t\t\t\t\t\t\t\t<\/a>\n\t\t\t\t\t\t\t\t\t\t\t\t\t\t\t<\/div>\n\t\t\t\t<\/div>\n\t\t\t\t\t<\/div>\n\t\t<\/div>\n\t\t\t\t\t<\/div>\n\t\t<\/section>\n\t\t\t\t<div class=\"elementor-element elementor-element-1c00b0c elementor-widget elementor-widget-text-editor\" data-id=\"1c00b0c\" data-element_type=\"widget\" data-e-type=\"widget\" data-widget_type=\"text-editor.default\">\n\t\t\t\t<div class=\"elementor-widget-container\">\n\t\t\t\t\t\t\t\t\t<p style=\"text-align: center;\"><a href=\"https:\/\/rosemariepoiarkov.net\/wp-content\/uploads\/2023\/08\/Banoun_Poiarkov-Extrait-Qui-a-part-nous.pdf\"><strong>Qui, \u00e0 part nous? (Extrait)<\/strong><\/a><\/p><p>\u00fcbersetzt von Bernard Banoun, erschienen in: <em>Les Belles Etrang\u00e8res: Vingt ans d&#8217;ouverture aux litt\u00e9rature du monde, Actes Sud 2008<\/em><\/p>\t\t\t\t\t\t\t\t<\/div>\n\t\t\t\t<\/div>\n\t\t\t\t<section class=\"elementor-section elementor-inner-section elementor-element elementor-element-075cc5c elementor-section-boxed elementor-section-height-default elementor-section-height-default\" data-id=\"075cc5c\" data-element_type=\"section\" data-e-type=\"section\">\n\t\t\t\t\t\t<div class=\"elementor-container elementor-column-gap-default\">\n\t\t\t\t\t<div class=\"elementor-column elementor-col-50 elementor-inner-column elementor-element elementor-element-8c2beae\" data-id=\"8c2beae\" data-element_type=\"column\" data-e-type=\"column\">\n\t\t\t<div class=\"elementor-widget-wrap elementor-element-populated\">\n\t\t\t\t\t\t<div class=\"elementor-element elementor-element-158cadb elementor-widget elementor-widget-image\" data-id=\"158cadb\" data-element_type=\"widget\" data-e-type=\"widget\" data-widget_type=\"image.default\">\n\t\t\t\t<div class=\"elementor-widget-container\">\n\t\t\t\t\t\t\t\t\t\t\t\t\t\t\t\t<a href=\"https:\/\/rosemariepoiarkov.net\/wp-content\/uploads\/2023\/08\/Hammelmueller_Medina-comps._Escritores-contemponaneos-de-austria.jpg\" data-elementor-open-lightbox=\"yes\" data-elementor-lightbox-title=\"Anthologie \u00f6sterreichischer Autor:innen\" data-e-action-hash=\"#elementor-action%3Aaction%3Dlightbox%26settings%3DeyJpZCI6MjUxMywidXJsIjoiaHR0cHM6XC9cL3Jvc2VtYXJpZXBvaWFya292Lm5ldFwvd3AtY29udGVudFwvdXBsb2Fkc1wvMjAyM1wvMDhcL0hhbW1lbG11ZWxsZXJfTWVkaW5hLWNvbXBzLl9Fc2NyaXRvcmVzLWNvbnRlbXBvbmFuZW9zLWRlLWF1c3RyaWEuanBnIn0%3D\">\n\t\t\t\t\t\t\t<img loading=\"lazy\" decoding=\"async\" width=\"661\" height=\"1024\" src=\"https:\/\/rosemariepoiarkov.net\/wp-content\/uploads\/2023\/08\/Hammelmueller_Medina-comps._Escritores-contemponaneos-de-austria-661x1024.jpg\" class=\"attachment-large size-large wp-image-2513\" alt=\"Cover der Anthologie \u00f6sterreichischer Autor:innen &quot;Escritores contempor\u00e1neos de Austria&quot;, hrsg. von Elfriede Hammelm\u00fcller u. Luis Medina, La Zon\u00e1mbula 2009: abstrakte Malerei in Gr\u00fcn- und Braunt\u00f6nen (&quot;\u00bfQui\u00e9n, si no nosotros?&quot; (Fragmento) - &quot;Wer, wenn nicht wir?, \u00fcbersetzt von Hariet Quint, \u00fcberarbeitet von Marco Aurelio Larios)\" srcset=\"https:\/\/rosemariepoiarkov.net\/wp-content\/uploads\/2023\/08\/Hammelmueller_Medina-comps._Escritores-contemponaneos-de-austria-661x1024.jpg 661w, https:\/\/rosemariepoiarkov.net\/wp-content\/uploads\/2023\/08\/Hammelmueller_Medina-comps._Escritores-contemponaneos-de-austria-194x300.jpg 194w, https:\/\/rosemariepoiarkov.net\/wp-content\/uploads\/2023\/08\/Hammelmueller_Medina-comps._Escritores-contemponaneos-de-austria-768x1189.jpg 768w, https:\/\/rosemariepoiarkov.net\/wp-content\/uploads\/2023\/08\/Hammelmueller_Medina-comps._Escritores-contemponaneos-de-austria.jpg 824w\" sizes=\"(max-width: 661px) 100vw, 661px\" \/>\t\t\t\t\t\t\t\t<\/a>\n\t\t\t\t\t\t\t\t\t\t\t\t\t\t\t<\/div>\n\t\t\t\t<\/div>\n\t\t\t\t\t<\/div>\n\t\t<\/div>\n\t\t\t\t<div class=\"elementor-column elementor-col-50 elementor-inner-column elementor-element elementor-element-8d77ca3\" data-id=\"8d77ca3\" data-element_type=\"column\" data-e-type=\"column\">\n\t\t\t<div class=\"elementor-widget-wrap elementor-element-populated\">\n\t\t\t\t\t\t<div class=\"elementor-element elementor-element-d308c2c elementor-widget elementor-widget-image\" data-id=\"d308c2c\" data-element_type=\"widget\" data-e-type=\"widget\" data-widget_type=\"image.default\">\n\t\t\t\t<div class=\"elementor-widget-container\">\n\t\t\t\t\t\t\t\t\t\t\t\t\t\t\t\t<a href=\"https:\/\/rosemariepoiarkov.net\/wp-content\/uploads\/2023\/08\/poiarkov-fil-guadalajara-2009.jpg\" data-elementor-open-lightbox=\"yes\" data-elementor-lightbox-title=\"Lesung auf der FIl Guadalajara 2009\" data-e-action-hash=\"#elementor-action%3Aaction%3Dlightbox%26settings%3DeyJpZCI6MjUyOCwidXJsIjoiaHR0cHM6XC9cL3Jvc2VtYXJpZXBvaWFya292Lm5ldFwvd3AtY29udGVudFwvdXBsb2Fkc1wvMjAyM1wvMDhcL3BvaWFya292LWZpbC1ndWFkYWxhamFyYS0yMDA5LmpwZyJ9\">\n\t\t\t\t\t\t\t<img loading=\"lazy\" decoding=\"async\" width=\"768\" height=\"1024\" src=\"https:\/\/rosemariepoiarkov.net\/wp-content\/uploads\/2023\/08\/poiarkov-fil-guadalajara-2009.jpg\" class=\"attachment-large size-large wp-image-2528\" alt=\"Rosemarie Poiarkov liest auf der FIL Guadalajara 2009 aus &quot;Wer, wenn nicht wir?&quot;\" \/>\t\t\t\t\t\t\t\t<\/a>\n\t\t\t\t\t\t\t\t\t\t\t\t\t\t\t<\/div>\n\t\t\t\t<\/div>\n\t\t\t\t\t<\/div>\n\t\t<\/div>\n\t\t\t\t\t<\/div>\n\t\t<\/section>\n\t\t\t\t<div class=\"elementor-element elementor-element-0bf0564 elementor-widget elementor-widget-text-editor\" data-id=\"0bf0564\" data-element_type=\"widget\" data-e-type=\"widget\" data-widget_type=\"text-editor.default\">\n\t\t\t\t<div class=\"elementor-widget-container\">\n\t\t\t\t\t\t\t\t\t<p align=\"CENTER\"><a href=\"https:\/\/rosemariepoiarkov.net\/wp-content\/uploads\/2023\/08\/Quint_revision-de-Larios_Poiarkov_quien-si-no-nosotros.pdf\"><b>\u00bfQui\u00e9n, si no nosotros? <\/b><b>(Fragmento)<\/b><\/a><\/p><p>\u00fcbersetzt von Hariet Quint, \u00fcberarbeitet von Marco Aurelio Larios, erschienen in:<\/p><p><em>Escritores contempor\u00e1neos de Austria, hrsg. von Elfriede Hammelm\u00fcller u. Luis Medina, La Zon\u00e1mbula 2009<\/em><\/p>\t\t\t\t\t\t\t\t<\/div>\n\t\t\t\t<\/div>\n\t\t\t\t\t<\/div>\n\t\t<\/div>\n\t\t\t\t\t<\/div>\n\t\t<\/section>\n\t\t\t\t<section class=\"elementor-section elementor-top-section elementor-element elementor-element-efc54b2 elementor-section-boxed elementor-section-height-default elementor-section-height-default\" data-id=\"efc54b2\" data-element_type=\"section\" data-e-type=\"section\">\n\t\t\t\t\t\t<div class=\"elementor-container elementor-column-gap-default\">\n\t\t\t\t\t<div class=\"elementor-column elementor-col-100 elementor-top-column elementor-element elementor-element-4d6af3d\" data-id=\"4d6af3d\" data-element_type=\"column\" data-e-type=\"column\">\n\t\t\t<div class=\"elementor-widget-wrap elementor-element-populated\">\n\t\t\t\t\t\t<div class=\"elementor-element elementor-element-cb537d7 elementor-widget elementor-widget-spacer\" data-id=\"cb537d7\" data-element_type=\"widget\" data-e-type=\"widget\" data-widget_type=\"spacer.default\">\n\t\t\t\t<div class=\"elementor-widget-container\">\n\t\t\t\t\t\t\t<div class=\"elementor-spacer\">\n\t\t\t<div class=\"elementor-spacer-inner\"><\/div>\n\t\t<\/div>\n\t\t\t\t\t\t<\/div>\n\t\t\t\t<\/div>\n\t\t\t\t<div class=\"elementor-element elementor-element-6e8285b elementor-widget-divider--view-line_text elementor-widget-divider--element-align-center elementor-widget elementor-widget-divider\" data-id=\"6e8285b\" data-element_type=\"widget\" data-e-type=\"widget\" data-widget_type=\"divider.default\">\n\t\t\t\t<div class=\"elementor-widget-container\">\n\t\t\t\t\t\t\t<div class=\"elementor-divider\">\n\t\t\t<span class=\"elementor-divider-separator\">\n\t\t\t\t\t\t\t<span class=\"elementor-divider__text elementor-divider__element\">\n\t\t\t\tengere Auswahl Buch.Preis 2008\t\t\t\t<\/span>\n\t\t\t\t\t\t<\/span>\n\t\t<\/div>\n\t\t\t\t\t\t<\/div>\n\t\t\t\t<\/div>\n\t\t\t\t<div class=\"elementor-element elementor-element-1b9317f elementor-widget elementor-widget-heading\" data-id=\"1b9317f\" data-element_type=\"widget\" data-e-type=\"widget\" data-widget_type=\"heading.default\">\n\t\t\t\t<div class=\"elementor-widget-container\">\n\t\t\t\t\t<h2 class=\"elementor-heading-title elementor-size-default\">Presse<\/h2>\t\t\t\t<\/div>\n\t\t\t\t<\/div>\n\t\t\t\t\t<\/div>\n\t\t<\/div>\n\t\t\t\t\t<\/div>\n\t\t<\/section>\n\t\t\t\t<section class=\"elementor-section elementor-top-section elementor-element elementor-element-c40ec0c elementor-section-boxed elementor-section-height-default elementor-section-height-default\" data-id=\"c40ec0c\" data-element_type=\"section\" data-e-type=\"section\">\n\t\t\t\t\t\t<div class=\"elementor-container elementor-column-gap-default\">\n\t\t\t\t\t<div class=\"elementor-column elementor-col-25 elementor-top-column elementor-element elementor-element-6336615\" data-id=\"6336615\" data-element_type=\"column\" data-e-type=\"column\">\n\t\t\t<div class=\"elementor-widget-wrap elementor-element-populated\">\n\t\t\t\t\t\t<div class=\"elementor-element elementor-element-b96f2c3 elementor-widget elementor-widget-text-editor\" data-id=\"b96f2c3\" data-element_type=\"widget\" data-e-type=\"widget\" data-widget_type=\"text-editor.default\">\n\t\t\t\t<div class=\"elementor-widget-container\">\n\t\t\t\t\t\t\t\t\t<p><span style=\"font-family: georgia, palatino, serif; font-size: 12pt;\"><em>Wenige Tage umfasst Poiarkovs bis ins kleinste Detail <\/em><em>stimmige Erz\u00e4hlung. Es ist eine Prosa mit Trauerrand. Das <\/em><em>Sterben und der Tod der Grossmutter werden zum Thema in <\/em><em>einem Text, der mit wenigen Strichen die Psychologie einer<\/em><\/span><br \/><span style=\"font-family: georgia, palatino, serif; font-size: 12pt;\"><em>kleinst\u00e4dtisch-normalen Familie erlebbar macht. Die Ich-<\/em><em>Erz\u00e4hlerin ist um die dreissig, und sie ist ein Seismograph der <\/em><em>menschlichen Verh\u00e4ltnisse. Mit mathematisch klaren S\u00e4tzen <\/em><em>werden die Distanzen vermessen, und es zeigt sich: Nichts ist so <\/em><em>sehr ein Fall vertrackter kleinb\u00fcrgerlicher Arithmetik wie die <\/em><em>N\u00e4he. Wenn Rosemarie Poiarkov etwas beherrscht, dann ist es die <\/em><em>Verdichtung des scheinbar Nebens\u00e4chlichen zu einer literarischen <\/em><em>Hauptsache. \u00abWer, wenn nicht wir?\u00bb ist eine schwebend leichte<\/em><\/span><br \/><span style=\"font-family: georgia, palatino, serif; font-size: 12pt;\"><em>Erz\u00e4hlung \u00fcber ein schweres Thema.<\/em><\/span><\/p><div><span style=\"font-family: georgia, palatino, serif; font-size: 12pt;\"><strong>Paul Jandl, NZZ Online<\/strong><\/span><\/div>\t\t\t\t\t\t\t\t<\/div>\n\t\t\t\t<\/div>\n\t\t\t\t\t<\/div>\n\t\t<\/div>\n\t\t\t\t<div class=\"elementor-column elementor-col-25 elementor-top-column elementor-element elementor-element-ef2e4a1\" data-id=\"ef2e4a1\" data-element_type=\"column\" data-e-type=\"column\">\n\t\t\t<div class=\"elementor-widget-wrap elementor-element-populated\">\n\t\t\t\t\t\t<div class=\"elementor-element elementor-element-3b5d0f0 elementor-widget elementor-widget-text-editor\" data-id=\"3b5d0f0\" data-element_type=\"widget\" data-e-type=\"widget\" data-widget_type=\"text-editor.default\">\n\t\t\t\t<div class=\"elementor-widget-container\">\n\t\t\t\t\t\t\t\t\t<p><span style=\"font-family: georgia, palatino, serif; font-size: 12pt;\"><em><span style=\"font-family: georgia, palatino, serif;\">Daneben wird (&#8230;) vom Sterben der Gro\u00dfmutter erz\u00e4hlt, aber auch vom Leben der Mutter, die nach der Scheidung vom Vater ihrer Kinder gerade dabei ist, mit einem neuen Mann ein neues Leben zu beginnen. Bemerkenswert ist dabei die Pr\u00e4zision, mit der die Autorin noch so geringe Differenzen im Mutter-Tochter-Verh\u00e4ltnis zu benennen vermag. Und nicht zuletzt ist das Buch nat\u00fcrlich ein Buch \u00fcber diese Tochter selbst, \u00fcber ihre Sorgen und \u00c4ngste, \u00fcber Liebe und gegenw\u00e4rtige Formen des (Zusammen-) Lebens.<\/span> <\/em><\/span><\/p><p><span style=\"font-family: georgia, palatino, serif; font-size: 12pt;\"><a href=\"https:\/\/shop.falter.at\/detail\/9783707602401\/wer-wenn-nicht-wir\"><strong>Nicole Streitler-Kastberger, Falter<\/strong><\/a><\/span><\/p><p>\u00a0<\/p><p><span style=\"font-family: georgia, palatino, serif; font-size: 12pt;\"><em><span style=\"color: #000000;\">Erz\u00e4hlerisch entspricht dem Schwebenden dieses Lebens das fortw\u00e4hrende Ineinanderflie\u00dfen von Tr\u00e4umen, Fantasievorstellungen, Kindheitserinnerungen, Gedanken zum Tod und realen Alltagssituationen der Erz\u00e4hlgegenwart. Im Lesen kann man diese Ebenen nicht immer gleich auseinanderhalten, der Text schwebt zwischen ihnen dahin wie das Leben der jungen Frau zwischen all den Optionen, von denen sie keine ergreift. <\/span><\/em><\/span><\/p><p><strong><span style=\"font-family: georgia, palatino, serif; font-size: 12pt;\"><span style=\"color: #000000;\">Evelyne Polt-Heinzl<\/span>, Die Furche<\/span><\/strong><\/p>\t\t\t\t\t\t\t\t<\/div>\n\t\t\t\t<\/div>\n\t\t\t\t\t<\/div>\n\t\t<\/div>\n\t\t\t\t<div class=\"elementor-column elementor-col-25 elementor-top-column elementor-element elementor-element-e4c101a\" data-id=\"e4c101a\" data-element_type=\"column\" data-e-type=\"column\">\n\t\t\t<div class=\"elementor-widget-wrap elementor-element-populated\">\n\t\t\t\t\t\t<div class=\"elementor-element elementor-element-5fed540 elementor-widget elementor-widget-text-editor\" data-id=\"5fed540\" data-element_type=\"widget\" data-e-type=\"widget\" data-widget_type=\"text-editor.default\">\n\t\t\t\t<div class=\"elementor-widget-container\">\n\t\t\t\t\t\t\t\t\t<p><span style=\"font-family: georgia, palatino, serif; font-size: 12pt;\"><em>Stimmungsvolle Detailaufnahmen aus dem Innenleben einer 30-J\u00e4hrigen.<\/em><\/span><\/p><p><span style=\"font-family: georgia, palatino, serif; font-size: 12pt;\"><strong>Andreas Kremla, Buchkultur<\/strong><\/span><\/p>\t\t\t\t\t\t\t\t<\/div>\n\t\t\t\t<\/div>\n\t\t\t\t<div class=\"elementor-element elementor-element-194a6bb elementor-widget elementor-widget-text-editor\" data-id=\"194a6bb\" data-element_type=\"widget\" data-e-type=\"widget\" data-widget_type=\"text-editor.default\">\n\t\t\t\t<div class=\"elementor-widget-container\">\n\t\t\t\t\t\t\t\t\t<p><span style=\"font-family: georgia, palatino, serif; font-size: 12pt;\"><em>In ihrer eindringlichen Erz\u00e4hlung \u00fcber eine scheinbar eint\u00f6nige Lebensfolie bef\u00f6rdert Rosemarie Poiarkov stumme K\u00e4mpfe mit Moral, Wurzeln und Pr\u00e4gungen zutage. Ein heutiges Frauenbild.<\/em><\/span><\/p><p><span style=\"font-family: georgia, palatino, serif; font-size: 12pt;\"><strong>Caro Wiesbauer, Kurier Kurztipps<\/strong><\/span><\/p><p><span style=\"font-family: georgia, palatino, serif; font-size: 12pt;\"><strong>\u00a0<\/strong><\/span><span style=\"font-family: georgia, palatino, serif; font-size: 12pt;\"><strong>\u00a0<\/strong><\/span><\/p><p><span style=\"font-family: georgia, palatino, serif; font-size: 12pt;\"><em><span style=\"color: #000000;\">Das Thema des Sterbens wird dabei unspektakul\u00e4r abgehandelt und die subversive Kraft des Textes bricht in einfachen Szenen durch. Denn es geht auch um banale Dinge, zum Beispiel: Welcher Spruch kommt auf die Parte, oder: Wer erbt die Eigentumswohnung? Enkelin Anna macht sich Hoffnungen und muss sich deshalb mit ihrer Zukunft befassen. Indem sie mit unbestechlichem Blick registriert, was passiert, und beim Erz\u00e4hlen stets bei sich selbst bleibt, bekommt sie neue Erkenntnisse. <\/span><\/em><span style=\"color: #000000;\">Unspektakul\u00e4r gut erz\u00e4hlt. <\/span><\/span><\/p><p><a href=\"https:\/\/www.tagblatt-wienerzeitung.at\/nachrichten\/kultur\/literatur\/89954-Poiarkov-Wer-wenn-nicht-wir.html\"><strong>Irene Prugger, Wiener Zeitung<\/strong><\/a><\/p>\t\t\t\t\t\t\t\t<\/div>\n\t\t\t\t<\/div>\n\t\t\t\t\t<\/div>\n\t\t<\/div>\n\t\t\t\t<div class=\"elementor-column elementor-col-25 elementor-top-column elementor-element elementor-element-6fa739f\" data-id=\"6fa739f\" data-element_type=\"column\" data-e-type=\"column\">\n\t\t\t<div class=\"elementor-widget-wrap elementor-element-populated\">\n\t\t\t\t\t\t<div class=\"elementor-element elementor-element-398c333 elementor-widget elementor-widget-text-editor\" data-id=\"398c333\" data-element_type=\"widget\" data-e-type=\"widget\" data-widget_type=\"text-editor.default\">\n\t\t\t\t<div class=\"elementor-widget-container\">\n\t\t\t\t\t\t\t\t\t<p><span style=\"font-family: georgia, palatino, serif; font-size: 12pt;\"><em>Die Protagonistin Anna versucht, das Hintanstellen der Hinterfragungen als Teil des Erwachsenwerdens zu begreifen, indem sie die Biographien der Mutter und der Gro\u00dfmutter aus deren Sicht zu sp\u00fcren versucht. Wieso resignieren Menschen, was macht sie hart und unerbittlich, was muss geschehen, dass sie wieder aufbl\u00fchen, was l\u00e4sst sie emotional erkalten und wie kann ich dem aus dem Weg gehen? Und wieso tut Liebe weh? Was hat meine Herkunft mit meiner Zukunft zu tun? Rosemarie Poiarkovs Anna findet letztlich keine Antworten auf diese Fragen, weil es vielleicht auch keine Antworten gibt, sondern eben doch nur: Annahmen. Und Hinterfragung.<\/em><\/span><\/p><p><span style=\"font-family: georgia, palatino, serif; font-size: 12pt;\"><a href=\"https:\/\/fm4v2.orf.at\/pamela\/220858\/main.html\"><strong>Pamela Ru\u00dfmann, fm4<\/strong><\/a><\/span><\/p>\t\t\t\t\t\t\t\t<\/div>\n\t\t\t\t<\/div>\n\t\t\t\t\t<\/div>\n\t\t<\/div>\n\t\t\t\t\t<\/div>\n\t\t<\/section>\n\t\t\t\t<section class=\"elementor-section elementor-top-section elementor-element elementor-element-52a0e981 elementor-section-boxed elementor-section-height-default elementor-section-height-default\" data-id=\"52a0e981\" data-element_type=\"section\" data-e-type=\"section\">\n\t\t\t\t\t\t<div class=\"elementor-container elementor-column-gap-default\">\n\t\t\t\t\t<div class=\"elementor-column elementor-col-100 elementor-top-column elementor-element elementor-element-29f4ef9d\" data-id=\"29f4ef9d\" data-element_type=\"column\" data-e-type=\"column\">\n\t\t\t<div class=\"elementor-widget-wrap elementor-element-populated\">\n\t\t\t\t\t\t<div class=\"elementor-element elementor-element-5a6e034e elementor-align-center elementor-widget elementor-widget-button\" data-id=\"5a6e034e\" data-element_type=\"widget\" data-e-type=\"widget\" data-widget_type=\"button.default\">\n\t\t\t\t<div class=\"elementor-widget-container\">\n\t\t\t\t\t\t\t\t\t<div class=\"elementor-button-wrapper\">\n\t\t\t\t\t<a class=\"elementor-button elementor-button-link elementor-size-sm\" href=\"https:\/\/rosemariepoiarkov.net\/wp-content\/uploads\/2023\/08\/Poiarkov_Wer-wenn-nicht-wir_Beginn_Leseprobe.pdf\" target=\"_blank\">\n\t\t\t\t\t\t<span class=\"elementor-button-content-wrapper\">\n\t\t\t\t\t\t\t\t\t<span class=\"elementor-button-text\">LESEPROBE<\/span>\n\t\t\t\t\t<\/span>\n\t\t\t\t\t<\/a>\n\t\t\t\t<\/div>\n\t\t\t\t\t\t\t\t<\/div>\n\t\t\t\t<\/div>\n\t\t\t\t\t<\/div>\n\t\t<\/div>\n\t\t\t\t\t<\/div>\n\t\t<\/section>\n\t\t\t\t<\/div>\n\t\t","protected":false},"excerpt":{"rendered":"<p>Wer, wenn nicht wir? Erz\u00e4hlung Czernin Verlag 2007 128 Seiten, Hardcover SU, 12,5 x 19 cmISBN: 978-3-7076-0240-1\u20ac 19,80\u00a0 Weil Weihnachten ist und ihre Mutter sie gebeten hat, ihre kranke Gro\u00dfmutter zu besuchen, f\u00e4hrt Anna dieses Jahr schon einen Tag fr\u00fcher nachhause in die Kleinstadt ihrer Kindheit. Die Gro\u00dfmutter besitzt eine Eigentumswohnung, an die Anna bis [&hellip;]<\/p>\n","protected":false},"author":1,"featured_media":2082,"parent":0,"menu_order":0,"comment_status":"closed","ping_status":"closed","template":"","meta":{"site-sidebar-layout":"no-sidebar","site-content-layout":"page-builder","ast-site-content-layout":"default","site-content-style":"default","site-sidebar-style":"default","ast-global-header-display":"","ast-banner-title-visibility":"","ast-main-header-display":"","ast-hfb-above-header-display":"","ast-hfb-below-header-display":"","ast-hfb-mobile-header-display":"","site-post-title":"disabled","ast-breadcrumbs-content":"","ast-featured-img":"","footer-sml-layout":"","ast-disable-related-posts":"","theme-transparent-header-meta":"","adv-header-id-meta":"","stick-header-meta":"","header-above-stick-meta":"","header-main-stick-meta":"","header-below-stick-meta":"","astra-migrate-meta-layouts":"set","ast-page-background-enabled":"default","ast-page-background-meta":{"desktop":{"background-color":"var(--ast-global-color-4)","background-image":"","background-repeat":"repeat","background-position":"center center","background-size":"auto","background-attachment":"scroll","background-type":"","background-media":"","overlay-type":"","overlay-color":"","overlay-opacity":"","overlay-gradient":""},"tablet":{"background-color":"","background-image":"","background-repeat":"repeat","background-position":"center center","background-size":"auto","background-attachment":"scroll","background-type":"","background-media":"","overlay-type":"","overlay-color":"","overlay-opacity":"","overlay-gradient":""},"mobile":{"background-color":"","background-image":"","background-repeat":"repeat","background-position":"center center","background-size":"auto","background-attachment":"scroll","background-type":"","background-media":"","overlay-type":"","overlay-color":"","overlay-opacity":"","overlay-gradient":""}},"ast-content-background-meta":{"desktop":{"background-color":"var(--ast-global-color-5)","background-image":"","background-repeat":"repeat","background-position":"center center","background-size":"auto","background-attachment":"scroll","background-type":"","background-media":"","overlay-type":"","overlay-color":"","overlay-opacity":"","overlay-gradient":""},"tablet":{"background-color":"var(--ast-global-color-5)","background-image":"","background-repeat":"repeat","background-position":"center center","background-size":"auto","background-attachment":"scroll","background-type":"","background-media":"","overlay-type":"","overlay-color":"","overlay-opacity":"","overlay-gradient":""},"mobile":{"background-color":"var(--ast-global-color-5)","background-image":"","background-repeat":"repeat","background-position":"center center","background-size":"auto","background-attachment":"scroll","background-type":"","background-media":"","overlay-type":"","overlay-color":"","overlay-opacity":"","overlay-gradient":""}},"footnotes":""},"class_list":["post-2440","page","type-page","status-publish","has-post-thumbnail","hentry"],"yoast_head":"<!-- This site is optimized with the Yoast SEO plugin v27.3 - https:\/\/yoast.com\/product\/yoast-seo-wordpress\/ -->\n<title>Wer, wenn nicht wir? Erz\u00e4hlung - Rosemarie Poiarkov<\/title>\n<meta name=\"description\" content=\"&quot;Wenn Rosemarie Poiarkov etwas beherrscht, dann ist es die Verdichtung des scheinbar Nebens\u00e4chlichen zu einer literarischen Hauptsache. \u00abWer, wenn nicht wir?\u00bb ist eine schwebend leichte Erz\u00e4hlung \u00fcber ein schweres Thema.&quot; Paul Jandl, NZZ Online\" \/>\n<meta name=\"robots\" content=\"index, follow, max-snippet:-1, max-image-preview:large, max-video-preview:-1\" \/>\n<link rel=\"canonical\" href=\"https:\/\/rosemariepoiarkov.net\/index.php\/wer-wenn-nicht-wir-erzaehlung\/\" \/>\n<meta property=\"og:locale\" content=\"de_DE\" \/>\n<meta property=\"og:type\" content=\"article\" \/>\n<meta property=\"og:title\" content=\"Wer, wenn nicht wir? Erz\u00e4hlung - Rosemarie Poiarkov\" \/>\n<meta property=\"og:description\" content=\"&quot;Wenn Rosemarie Poiarkov etwas beherrscht, dann ist es die Verdichtung des scheinbar Nebens\u00e4chlichen zu einer literarischen Hauptsache. \u00abWer, wenn nicht wir?\u00bb ist eine schwebend leichte Erz\u00e4hlung \u00fcber ein schweres Thema.&quot; Paul Jandl, NZZ Online\" \/>\n<meta property=\"og:url\" content=\"https:\/\/rosemariepoiarkov.net\/index.php\/wer-wenn-nicht-wir-erzaehlung\/\" \/>\n<meta property=\"og:site_name\" content=\"Rosemarie Poiarkov\" \/>\n<meta property=\"article:modified_time\" content=\"2026-01-07T13:36:41+00:00\" \/>\n<meta property=\"og:image\" content=\"https:\/\/rosemariepoiarkov.net\/wp-content\/uploads\/2023\/08\/Cover-Wer-wenn-nicht-wir.jpg\" \/>\n\t<meta property=\"og:image:width\" content=\"336\" \/>\n\t<meta property=\"og:image:height\" content=\"534\" \/>\n\t<meta property=\"og:image:type\" content=\"image\/jpeg\" \/>\n<meta name=\"twitter:card\" content=\"summary_large_image\" \/>\n<meta name=\"twitter:label1\" content=\"Gesch\u00e4tzte Lesezeit\" \/>\n\t<meta name=\"twitter:data1\" content=\"6 Minuten\" \/>\n<script type=\"application\/ld+json\" class=\"yoast-schema-graph\">{\"@context\":\"https:\\\/\\\/schema.org\",\"@graph\":[{\"@type\":\"WebPage\",\"@id\":\"https:\\\/\\\/rosemariepoiarkov.net\\\/index.php\\\/wer-wenn-nicht-wir-erzaehlung\\\/\",\"url\":\"https:\\\/\\\/rosemariepoiarkov.net\\\/index.php\\\/wer-wenn-nicht-wir-erzaehlung\\\/\",\"name\":\"Wer, wenn nicht wir? Erz\u00e4hlung - Rosemarie Poiarkov\",\"isPartOf\":{\"@id\":\"https:\\\/\\\/rosemariepoiarkov.net\\\/#website\"},\"primaryImageOfPage\":{\"@id\":\"https:\\\/\\\/rosemariepoiarkov.net\\\/index.php\\\/wer-wenn-nicht-wir-erzaehlung\\\/#primaryimage\"},\"image\":{\"@id\":\"https:\\\/\\\/rosemariepoiarkov.net\\\/index.php\\\/wer-wenn-nicht-wir-erzaehlung\\\/#primaryimage\"},\"thumbnailUrl\":\"https:\\\/\\\/rosemariepoiarkov.net\\\/wp-content\\\/uploads\\\/2023\\\/08\\\/Cover-Wer-wenn-nicht-wir.jpg\",\"datePublished\":\"2023-08-30T13:13:07+00:00\",\"dateModified\":\"2026-01-07T13:36:41+00:00\",\"description\":\"\\\"Wenn Rosemarie Poiarkov etwas beherrscht, dann ist es die Verdichtung des scheinbar Nebens\u00e4chlichen zu einer literarischen Hauptsache. \u00abWer, wenn nicht wir?\u00bb ist eine schwebend leichte Erz\u00e4hlung \u00fcber ein schweres Thema.\\\" Paul Jandl, NZZ Online\",\"breadcrumb\":{\"@id\":\"https:\\\/\\\/rosemariepoiarkov.net\\\/index.php\\\/wer-wenn-nicht-wir-erzaehlung\\\/#breadcrumb\"},\"inLanguage\":\"de-AT\",\"potentialAction\":[{\"@type\":\"ReadAction\",\"target\":[\"https:\\\/\\\/rosemariepoiarkov.net\\\/index.php\\\/wer-wenn-nicht-wir-erzaehlung\\\/\"]}]},{\"@type\":\"ImageObject\",\"inLanguage\":\"de-AT\",\"@id\":\"https:\\\/\\\/rosemariepoiarkov.net\\\/index.php\\\/wer-wenn-nicht-wir-erzaehlung\\\/#primaryimage\",\"url\":\"https:\\\/\\\/rosemariepoiarkov.net\\\/wp-content\\\/uploads\\\/2023\\\/08\\\/Cover-Wer-wenn-nicht-wir.jpg\",\"contentUrl\":\"https:\\\/\\\/rosemariepoiarkov.net\\\/wp-content\\\/uploads\\\/2023\\\/08\\\/Cover-Wer-wenn-nicht-wir.jpg\",\"width\":336,\"height\":534,\"caption\":\"Rosemarie Poiarkov \\\"Wer wenn nicht wir?\\\", Erz\u00e4hlung, Cover: Auf dunkellilafarbenen Hintergrund fliegt eine Schildkr\u00f6te mit weit ausgebreiteten Armen \u00fcber leicht hellgelben Text\"},{\"@type\":\"BreadcrumbList\",\"@id\":\"https:\\\/\\\/rosemariepoiarkov.net\\\/index.php\\\/wer-wenn-nicht-wir-erzaehlung\\\/#breadcrumb\",\"itemListElement\":[{\"@type\":\"ListItem\",\"position\":1,\"name\":\"Startseite\",\"item\":\"https:\\\/\\\/rosemariepoiarkov.net\\\/\"},{\"@type\":\"ListItem\",\"position\":2,\"name\":\"Wer, wenn nicht wir? Erz\u00e4hlung\"}]},{\"@type\":\"WebSite\",\"@id\":\"https:\\\/\\\/rosemariepoiarkov.net\\\/#website\",\"url\":\"https:\\\/\\\/rosemariepoiarkov.net\\\/\",\"name\":\"Rosemarie Poiarkov\",\"description\":\"Autorin (Prosa &amp; dramatische Texte), Schreib- &amp; Theaterworkshop-Leiterin\",\"publisher\":{\"@id\":\"https:\\\/\\\/rosemariepoiarkov.net\\\/#\\\/schema\\\/person\\\/cb444e894cb729ef77e582e3d721a3ac\"},\"potentialAction\":[{\"@type\":\"SearchAction\",\"target\":{\"@type\":\"EntryPoint\",\"urlTemplate\":\"https:\\\/\\\/rosemariepoiarkov.net\\\/?s={search_term_string}\"},\"query-input\":{\"@type\":\"PropertyValueSpecification\",\"valueRequired\":true,\"valueName\":\"search_term_string\"}}],\"inLanguage\":\"de-AT\"},{\"@type\":[\"Person\",\"Organization\"],\"@id\":\"https:\\\/\\\/rosemariepoiarkov.net\\\/#\\\/schema\\\/person\\\/cb444e894cb729ef77e582e3d721a3ac\",\"name\":\"Rosemarie Poiarkov\",\"image\":{\"@type\":\"ImageObject\",\"inLanguage\":\"de-AT\",\"@id\":\"https:\\\/\\\/rosemariepoiarkov.net\\\/wp-content\\\/uploads\\\/2023\\\/08\\\/rosemarie-poiarkov_funkhaus-wien.jpg\",\"url\":\"https:\\\/\\\/rosemariepoiarkov.net\\\/wp-content\\\/uploads\\\/2023\\\/08\\\/rosemarie-poiarkov_funkhaus-wien.jpg\",\"contentUrl\":\"https:\\\/\\\/rosemariepoiarkov.net\\\/wp-content\\\/uploads\\\/2023\\\/08\\\/rosemarie-poiarkov_funkhaus-wien.jpg\",\"width\":2560,\"height\":1707,\"caption\":\"Rosemarie Poiarkov\"},\"logo\":{\"@id\":\"https:\\\/\\\/rosemariepoiarkov.net\\\/wp-content\\\/uploads\\\/2023\\\/08\\\/rosemarie-poiarkov_funkhaus-wien.jpg\"},\"description\":\"schreibt als Autorin Prosa (f\u00fcr Erwachsene, Kinder und Jugendliche) und dramatische Texte arbeitet bei Dramaturgie und Text bei Theaterperformances mit leitet theaterp\u00e4dagogische Workshops (besonders an Schulen) lebt in Wien\",\"sameAs\":[\"https:\\\/\\\/rosemariepoiarkov.net\"]}]}<\/script>\n<!-- \/ Yoast SEO plugin. -->","yoast_head_json":{"title":"Wer, wenn nicht wir? Erz\u00e4hlung - Rosemarie Poiarkov","description":"\"Wenn Rosemarie Poiarkov etwas beherrscht, dann ist es die Verdichtung des scheinbar Nebens\u00e4chlichen zu einer literarischen Hauptsache. \u00abWer, wenn nicht wir?\u00bb ist eine schwebend leichte Erz\u00e4hlung \u00fcber ein schweres Thema.\" Paul Jandl, NZZ Online","robots":{"index":"index","follow":"follow","max-snippet":"max-snippet:-1","max-image-preview":"max-image-preview:large","max-video-preview":"max-video-preview:-1"},"canonical":"https:\/\/rosemariepoiarkov.net\/index.php\/wer-wenn-nicht-wir-erzaehlung\/","og_locale":"de_DE","og_type":"article","og_title":"Wer, wenn nicht wir? Erz\u00e4hlung - Rosemarie Poiarkov","og_description":"\"Wenn Rosemarie Poiarkov etwas beherrscht, dann ist es die Verdichtung des scheinbar Nebens\u00e4chlichen zu einer literarischen Hauptsache. \u00abWer, wenn nicht wir?\u00bb ist eine schwebend leichte Erz\u00e4hlung \u00fcber ein schweres Thema.\" Paul Jandl, NZZ Online","og_url":"https:\/\/rosemariepoiarkov.net\/index.php\/wer-wenn-nicht-wir-erzaehlung\/","og_site_name":"Rosemarie Poiarkov","article_modified_time":"2026-01-07T13:36:41+00:00","og_image":[{"width":336,"height":534,"url":"https:\/\/rosemariepoiarkov.net\/wp-content\/uploads\/2023\/08\/Cover-Wer-wenn-nicht-wir.jpg","type":"image\/jpeg"}],"twitter_card":"summary_large_image","twitter_misc":{"Gesch\u00e4tzte Lesezeit":"6 Minuten"},"schema":{"@context":"https:\/\/schema.org","@graph":[{"@type":"WebPage","@id":"https:\/\/rosemariepoiarkov.net\/index.php\/wer-wenn-nicht-wir-erzaehlung\/","url":"https:\/\/rosemariepoiarkov.net\/index.php\/wer-wenn-nicht-wir-erzaehlung\/","name":"Wer, wenn nicht wir? Erz\u00e4hlung - Rosemarie Poiarkov","isPartOf":{"@id":"https:\/\/rosemariepoiarkov.net\/#website"},"primaryImageOfPage":{"@id":"https:\/\/rosemariepoiarkov.net\/index.php\/wer-wenn-nicht-wir-erzaehlung\/#primaryimage"},"image":{"@id":"https:\/\/rosemariepoiarkov.net\/index.php\/wer-wenn-nicht-wir-erzaehlung\/#primaryimage"},"thumbnailUrl":"https:\/\/rosemariepoiarkov.net\/wp-content\/uploads\/2023\/08\/Cover-Wer-wenn-nicht-wir.jpg","datePublished":"2023-08-30T13:13:07+00:00","dateModified":"2026-01-07T13:36:41+00:00","description":"\"Wenn Rosemarie Poiarkov etwas beherrscht, dann ist es die Verdichtung des scheinbar Nebens\u00e4chlichen zu einer literarischen Hauptsache. \u00abWer, wenn nicht wir?\u00bb ist eine schwebend leichte Erz\u00e4hlung \u00fcber ein schweres Thema.\" Paul Jandl, NZZ Online","breadcrumb":{"@id":"https:\/\/rosemariepoiarkov.net\/index.php\/wer-wenn-nicht-wir-erzaehlung\/#breadcrumb"},"inLanguage":"de-AT","potentialAction":[{"@type":"ReadAction","target":["https:\/\/rosemariepoiarkov.net\/index.php\/wer-wenn-nicht-wir-erzaehlung\/"]}]},{"@type":"ImageObject","inLanguage":"de-AT","@id":"https:\/\/rosemariepoiarkov.net\/index.php\/wer-wenn-nicht-wir-erzaehlung\/#primaryimage","url":"https:\/\/rosemariepoiarkov.net\/wp-content\/uploads\/2023\/08\/Cover-Wer-wenn-nicht-wir.jpg","contentUrl":"https:\/\/rosemariepoiarkov.net\/wp-content\/uploads\/2023\/08\/Cover-Wer-wenn-nicht-wir.jpg","width":336,"height":534,"caption":"Rosemarie Poiarkov \"Wer wenn nicht wir?\", Erz\u00e4hlung, Cover: Auf dunkellilafarbenen Hintergrund fliegt eine Schildkr\u00f6te mit weit ausgebreiteten Armen \u00fcber leicht hellgelben Text"},{"@type":"BreadcrumbList","@id":"https:\/\/rosemariepoiarkov.net\/index.php\/wer-wenn-nicht-wir-erzaehlung\/#breadcrumb","itemListElement":[{"@type":"ListItem","position":1,"name":"Startseite","item":"https:\/\/rosemariepoiarkov.net\/"},{"@type":"ListItem","position":2,"name":"Wer, wenn nicht wir? Erz\u00e4hlung"}]},{"@type":"WebSite","@id":"https:\/\/rosemariepoiarkov.net\/#website","url":"https:\/\/rosemariepoiarkov.net\/","name":"Rosemarie Poiarkov","description":"Autorin (Prosa &amp; dramatische Texte), Schreib- &amp; Theaterworkshop-Leiterin","publisher":{"@id":"https:\/\/rosemariepoiarkov.net\/#\/schema\/person\/cb444e894cb729ef77e582e3d721a3ac"},"potentialAction":[{"@type":"SearchAction","target":{"@type":"EntryPoint","urlTemplate":"https:\/\/rosemariepoiarkov.net\/?s={search_term_string}"},"query-input":{"@type":"PropertyValueSpecification","valueRequired":true,"valueName":"search_term_string"}}],"inLanguage":"de-AT"},{"@type":["Person","Organization"],"@id":"https:\/\/rosemariepoiarkov.net\/#\/schema\/person\/cb444e894cb729ef77e582e3d721a3ac","name":"Rosemarie Poiarkov","image":{"@type":"ImageObject","inLanguage":"de-AT","@id":"https:\/\/rosemariepoiarkov.net\/wp-content\/uploads\/2023\/08\/rosemarie-poiarkov_funkhaus-wien.jpg","url":"https:\/\/rosemariepoiarkov.net\/wp-content\/uploads\/2023\/08\/rosemarie-poiarkov_funkhaus-wien.jpg","contentUrl":"https:\/\/rosemariepoiarkov.net\/wp-content\/uploads\/2023\/08\/rosemarie-poiarkov_funkhaus-wien.jpg","width":2560,"height":1707,"caption":"Rosemarie Poiarkov"},"logo":{"@id":"https:\/\/rosemariepoiarkov.net\/wp-content\/uploads\/2023\/08\/rosemarie-poiarkov_funkhaus-wien.jpg"},"description":"schreibt als Autorin Prosa (f\u00fcr Erwachsene, Kinder und Jugendliche) und dramatische Texte arbeitet bei Dramaturgie und Text bei Theaterperformances mit leitet theaterp\u00e4dagogische Workshops (besonders an Schulen) lebt in Wien","sameAs":["https:\/\/rosemariepoiarkov.net"]}]}},"_links":{"self":[{"href":"https:\/\/rosemariepoiarkov.net\/index.php\/wp-json\/wp\/v2\/pages\/2440","targetHints":{"allow":["GET"]}}],"collection":[{"href":"https:\/\/rosemariepoiarkov.net\/index.php\/wp-json\/wp\/v2\/pages"}],"about":[{"href":"https:\/\/rosemariepoiarkov.net\/index.php\/wp-json\/wp\/v2\/types\/page"}],"author":[{"embeddable":true,"href":"https:\/\/rosemariepoiarkov.net\/index.php\/wp-json\/wp\/v2\/users\/1"}],"replies":[{"embeddable":true,"href":"https:\/\/rosemariepoiarkov.net\/index.php\/wp-json\/wp\/v2\/comments?post=2440"}],"version-history":[{"count":3,"href":"https:\/\/rosemariepoiarkov.net\/index.php\/wp-json\/wp\/v2\/pages\/2440\/revisions"}],"predecessor-version":[{"id":7164,"href":"https:\/\/rosemariepoiarkov.net\/index.php\/wp-json\/wp\/v2\/pages\/2440\/revisions\/7164"}],"wp:featuredmedia":[{"embeddable":true,"href":"https:\/\/rosemariepoiarkov.net\/index.php\/wp-json\/wp\/v2\/media\/2082"}],"wp:attachment":[{"href":"https:\/\/rosemariepoiarkov.net\/index.php\/wp-json\/wp\/v2\/media?parent=2440"}],"curies":[{"name":"wp","href":"https:\/\/api.w.org\/{rel}","templated":true}]}}